{"id":1735,"date":"2021-12-30T14:13:00","date_gmt":"2021-12-30T14:13:00","guid":{"rendered":"https:\/\/www.smarmec.com\/politica-de-privacidad\/"},"modified":"2022-05-23T12:52:22","modified_gmt":"2022-05-23T12:52:22","slug":"politique-de-confidentialite","status":"publish","type":"page","link":"https:\/\/www.smarmec.com\/fr\/politique-de-confidentialite\/","title":{"rendered":"Politique de confidentialit\u00e9"},"content":{"rendered":"<div class=\"wpb-content-wrapper\"><p>[vc_row dfd_row_responsive_enable=\u00a0\u00bbdfd-row-responsive-enable\u00a0\u00bb responsive_styles=\u00a0\u00bbmargin_left_tablet:20|margin_right_tablet:20|margin_left_mobile:20|margin_right_mobile:20&Prime;][vc_column]<div class=\"dfd-spacer-module\"  data-units=\"px\" data-wide_resolution=\"1280\" data-wide_size=\"100\" data-normal_resolution=\"1024\" data-normal_size=\"50\" data-tablet_resolution=\"800\" data-tablet_size=\"40\" data-mobile_resolution=\"480\" data-mobile_size=\"40\" style=\"height: 100px;\"><\/div><div class=\"dfd-heading-shortcode\"><div class=\"dfd-heading-module-wrap  text-left style_01 dfd-heading-69f52dc64f5ee dfd-disable-resposive-headings\" id=\"dfd-heading-69f52dc64f5ee\" ><div class=\"inline-block\"><div class=\"dfd-heading-module\"><h2 class=\"widget-title dfd-title \" style=\"font-size: 23px; line-height: 26px; \">1. Introduction \u00e0 la politique de confidentialit\u00e9<\/h2><\/div><\/div><\/div><script type=\"text\/javascript\">\r\n\t\t\t\t\t\t\t\t\t(function($) {\r\n\t\t\t\t\t\t\t\t\t\t$(\"head\").append(\"<style>.dfd-heading-69f52dc64f5ee .dfd-heading-module .widget-title {margin-bottom:20px;}.dfd-heading-69f52dc64f5ee.dfd-heading-module-wrap .dfd-heading-module .dfd-heading-delimiter {margin-top:10px;margin-bottom:10px;}<\/style>\");\r\n\t\t\t\t\t\t\t\t\t})(jQuery);\r\n\t\t\t\t\t\t\t\t<\/script><\/div>[vc_column_text]Bienvenue dans la politique de confidentialit\u00e9 de VELATIA. Ci-apr\u00e8s, lorsque VELATIA est mentionn\u00e9e, il s&rsquo;agit de l&rsquo;une des soci\u00e9t\u00e9s qui composent VELATIA, que vous pouvez consulter <a href=\"https:\/\/www.velatia.com\/es\/empresas-que-forman-velatia\/\" target=\"_blank\" rel=\"noopener\">ici<\/a>.[\/vc_column_text]<div class=\"dfd-spacer-module\"  data-units=\"px\" data-wide_resolution=\"1280\" data-wide_size=\"30\" data-normal_resolution=\"1024\" data-normal_size=\"30\" data-tablet_resolution=\"800\" data-tablet_size=\"30\" data-mobile_resolution=\"480\" data-mobile_size=\"30\" style=\"height: 30px;\"><\/div><div class=\"dfd-heading-shortcode\"><div class=\"dfd-heading-module-wrap  text-left style_01 dfd-heading-69f52dc64f6e6 dfd-disable-resposive-headings\" id=\"dfd-heading-69f52dc64f6e6\" ><div class=\"inline-block\"><div class=\"dfd-heading-module\"><h3 class=\"widget-title dfd-title \" style=\"font-size: 18px; color: #565656 !important; line-height: 21px; \">Coordonn\u00e9es de contact pour toute question relative \u00e0 la protection des donn\u00e9es:<\/h3><\/div><\/div><\/div><script type=\"text\/javascript\">\r\n\t\t\t\t\t\t\t\t\t(function($) {\r\n\t\t\t\t\t\t\t\t\t\t$(\"head\").append(\"<style>.dfd-heading-69f52dc64f6e6 .dfd-heading-module .widget-title {margin-bottom:20px;}.dfd-heading-69f52dc64f6e6.dfd-heading-module-wrap .dfd-heading-module .dfd-heading-delimiter {margin-top:10px;margin-bottom:10px;}<\/style>\");\r\n\t\t\t\t\t\t\t\t\t})(jQuery);\r\n\t\t\t\t\t\t\t\t<\/script><\/div>[vc_column_text]<\/p>\n<ul>\n<li>Adresse: Parque Cient\u00edfico y Tecnol\u00f3gico de Bizkaia, Edificio 104, 48170 Zamudio (Bizkaia)<\/li>\n<li>Courriel pour r\u00e9pondre \u00e0 des questions sur les droits de protection des donn\u00e9es: <a href=\"mailto:dataprivacy@velatia.com\">dataprivacy@velatia.com<\/a><\/li>\n<\/ul>\n<p>[\/vc_column_text]<div class=\"dfd-spacer-module\"  data-units=\"px\" data-wide_resolution=\"1280\" data-wide_size=\"30\" data-normal_resolution=\"1024\" data-normal_size=\"30\" data-tablet_resolution=\"800\" data-tablet_size=\"30\" data-mobile_resolution=\"480\" data-mobile_size=\"30\" style=\"height: 30px;\"><\/div>[vc_column_text]Pour plus d&rsquo;informations sur la mani\u00e8re de contacter VELATIA ou ses soci\u00e9t\u00e9s, veuillez consulter la <a href=\"https:\/\/www.smarmec.com\/fr\/notice-legale\/\" target=\"_blank\" rel=\"noopener\">notice l\u00e9gale<\/a>.<\/p>\n<p>La politique de confidentialit\u00e9 de ce site vise \u00e0 respecter le devoir d&rsquo;information et de transparence \u00e9tabli par l&rsquo;article 12 du r\u00e8glement UE 2016\/679 sur la protection des donn\u00e9es personnelles. De m\u00eame, dans les cas o\u00f9 le devoir d&rsquo;information a \u00e9t\u00e9 r\u00e9alis\u00e9 au moyen d&rsquo;informations de base appel\u00e9es \u00a0\u00bb premi\u00e8re couche \u00a0\u00bb conform\u00e9ment aux dispositions de l&rsquo;article 11 de la loi organique 3\/2018 relative \u00e0 la protection des donn\u00e9es personnelles et \u00e0 la garantie des droits num\u00e9riques, la pr\u00e9sente politique de confidentialit\u00e9 correspond aux informations suppl\u00e9mentaires consid\u00e9r\u00e9es comme \u00a0\u00bb deuxi\u00e8me couche \u00a0\u00bb o\u00f9 sont d\u00e9crits les \u00e9l\u00e9ments suppl\u00e9mentaires requis aux articles 13 et 14 du r\u00e8glement UE 2016\/679 sur la protection des donn\u00e9es personnelles.[\/vc_column_text]<div class=\"dfd-spacer-module\"  data-units=\"px\" data-wide_resolution=\"1280\" data-wide_size=\"30\" data-normal_resolution=\"1024\" data-normal_size=\"30\" data-tablet_resolution=\"800\" data-tablet_size=\"30\" data-mobile_resolution=\"480\" data-mobile_size=\"30\" style=\"height: 30px;\"><\/div><div class=\"dfd-heading-shortcode\"><div class=\"dfd-heading-module-wrap  text-left style_01 dfd-heading-69f52dc64f7e4 dfd-disable-resposive-headings\" id=\"dfd-heading-69f52dc64f7e4\" ><div class=\"inline-block\"><div class=\"dfd-heading-module\"><h2 class=\"widget-title dfd-title \" style=\"font-size: 23px; line-height: 26px; \">2. La signification des donn\u00e9es \u00e0 caract\u00e8re personnel<\/h2><\/div><\/div><\/div><script type=\"text\/javascript\">\r\n\t\t\t\t\t\t\t\t\t(function($) {\r\n\t\t\t\t\t\t\t\t\t\t$(\"head\").append(\"<style>.dfd-heading-69f52dc64f7e4 .dfd-heading-module .widget-title {margin-bottom:20px;}.dfd-heading-69f52dc64f7e4.dfd-heading-module-wrap .dfd-heading-module .dfd-heading-delimiter {margin-top:10px;margin-bottom:10px;}<\/style>\");\r\n\t\t\t\t\t\t\t\t\t})(jQuery);\r\n\t\t\t\t\t\t\t\t<\/script><\/div>[vc_column_text]\u00a0\u00bbLes donn\u00e9es personnelles \u00a0\u00bb sont d\u00e9finies comme toute information relative \u00e0 une personne physique identifi\u00e9e ou identifiable. Il s&rsquo;agit de toute personne qui peut \u00eatre identifi\u00e9e directement ou indirectement par r\u00e9f\u00e9renc e \u00e0 un identifiant tel que le nom, le num\u00e9ro d&rsquo;identification, les donn\u00e9es de localisation, les identifiants en ligne (par exemple les adresses IP &#8211; si elles peuvent \u00eatre utilis\u00e9es pour vous identifier) ou \u00e0 un ou plusieurs facteurs sp\u00e9cifiques \u00e0 l&rsquo;identit\u00e9 physique, physiologique, g\u00e9n\u00e9tique, mentale, \u00e9conomique, culturelle ou sociale de cette personne physique.<\/p>\n<p>En bref, il s&rsquo;agit de donn\u00e9es qui, en elles-m\u00eames ou avec d&rsquo;autres donn\u00e9es en notre possession ou \u00e0 notre disposition, peuvent \u00eatre utilis\u00e9es pour vous identifier.[\/vc_column_text]<div class=\"dfd-spacer-module\"  data-units=\"px\" data-wide_resolution=\"1280\" data-wide_size=\"30\" data-normal_resolution=\"1024\" data-normal_size=\"30\" data-tablet_resolution=\"800\" data-tablet_size=\"30\" data-mobile_resolution=\"480\" data-mobile_size=\"30\" style=\"height: 30px;\"><\/div><div class=\"dfd-heading-shortcode\"><div class=\"dfd-heading-module-wrap  text-left style_01 dfd-heading-69f52dc64f893 dfd-disable-resposive-headings\" id=\"dfd-heading-69f52dc64f893\" ><div class=\"inline-block\"><div class=\"dfd-heading-module\"><h2 class=\"widget-title dfd-title \" style=\"font-size: 23px; line-height: 26px; \">3. Le traitement des donn\u00e9es personnelles<\/h2><\/div><\/div><\/div><script type=\"text\/javascript\">\r\n\t\t\t\t\t\t\t\t\t(function($) {\r\n\t\t\t\t\t\t\t\t\t\t$(\"head\").append(\"<style>.dfd-heading-69f52dc64f893 .dfd-heading-module .widget-title {margin-bottom:20px;}.dfd-heading-69f52dc64f893.dfd-heading-module-wrap .dfd-heading-module .dfd-heading-delimiter {margin-top:10px;margin-bottom:10px;}<\/style>\");\r\n\t\t\t\t\t\t\t\t\t})(jQuery);\r\n\t\t\t\t\t\t\t\t<\/script><\/div>[vc_column_text]Les op\u00e9rations ou ensemble d&rsquo;op\u00e9rations effectu\u00e9es sur vos donn\u00e9es personnelles sont identifi\u00e9es par le traitement. VELATIA pr\u00e9sente ci-dessous des informations d\u00e9taill\u00e9es sur chaque traitement, conform\u00e9ment aux directives \u00e9tablies par l&rsquo;Agence espagnole de protection des donn\u00e9es:[\/vc_column_text][vc_column_text]<\/p>\n<ol style=\"margin-top: 15px;\">\n<li style=\"list-style-type: none!important;\">A. <strong>Traitement des candidature<\/strong>s, dont la finalit\u00e9 est la gestion des CV des personnes qui postulent \u00e0 un emploi, ainsi que les op\u00e9rations de gestion du processus de s\u00e9lection.\n<ol style=\"margin-top: 5px;\">\n<li style=\"list-style-type: none!important; margin-bottom: 3px;\">a. Cat\u00e9gorie de donn\u00e9es: donn\u00e9es d&rsquo;identification, y compris les coordonn\u00e9es, la carte d&rsquo;identit\u00e9 et l&rsquo;image personnelle ; donn\u00e9es de travail.<\/li>\n<li style=\"list-style-type: none!important; margin-bottom: 3px;\">b. Base juridique: Consentement de la personne concern\u00e9e (art. 6.1.a RGPD) en cas d&rsquo;auto-candidatures et dans tous les autres cas, relation pr\u00e9contractuelle (art. 6.1.b RGPD).<\/li>\n<li style=\"list-style-type: none!important; margin-bottom: 3px;\">c. Validit\u00e9 des donn\u00e9es : Les donn\u00e9es restent valables pendant trois ans.<\/li>\n<\/ol>\n<\/li>\n<\/ol>\n<p>[\/vc_column_text]<div class=\"dfd-spacer-module\"  data-units=\"px\" data-wide_resolution=\"1280\" data-wide_size=\"15\" data-normal_resolution=\"1024\" data-normal_size=\"15\" data-tablet_resolution=\"800\" data-tablet_size=\"15\" data-mobile_resolution=\"480\" data-mobile_size=\"15\" style=\"height: 15px;\"><\/div>[vc_column_text]<\/p>\n<ol style=\"margin-top: 5px;\">\n<li style=\"list-style-type: none!important;\">B. <strong>Traitement du contr\u00f4le d&rsquo;acc\u00e8s<\/strong>, dont le but est l&rsquo;enregistrement des personnes souhaitant acc\u00e9der aux installations.\n<ol style=\"margin-top: 5px;\">\n<li style=\"list-style-type: none!important; margin-bottom: 3px;\">a. Cat\u00e9gorie de donn\u00e9es: donn\u00e9es d&rsquo;identification.<\/li>\n<li style=\"list-style-type: none!important; margin-bottom: 3px;\">b. Base juridique: int\u00e9r\u00eat l\u00e9gitime fond\u00e9 sur la n\u00e9cessit\u00e9 de maintenir la s\u00e9curit\u00e9 des personnes dans les locaux (art. 6.1.f GDPR).<\/li>\n<li style=\"list-style-type: none!important; margin-bottom: 3px;\">c. Validit\u00e9 des donn\u00e9es: Les donn\u00e9es restent valables pendant 30 jours. \u00c0 la fin de cette p\u00e9riode, les donn\u00e9es seront supprim\u00e9es.<\/li>\n<\/ol>\n<\/li>\n<\/ol>\n<p>[\/vc_column_text]<div class=\"dfd-spacer-module\"  data-units=\"px\" data-wide_resolution=\"1280\" data-wide_size=\"15\" data-normal_resolution=\"1024\" data-normal_size=\"15\" data-tablet_resolution=\"800\" data-tablet_size=\"15\" data-mobile_resolution=\"480\" data-mobile_size=\"15\" style=\"height: 15px;\"><\/div>[vc_column_text]<\/p>\n<ol style=\"margin-top: 5px;\">\n<li style=\"list-style-type: none!important;\">C. <strong>Traitement de la gestion des contacts<\/strong> , dont l&rsquo;objectif est de conserver les donn\u00e9es des personnes de contact travaillant pour nos clients et fournisseurs, ainsi que les donn\u00e9es des personnes avec lesquelles nous entretenons une relation commerciale ou institutionnelle.\n<ol style=\"margin-top: 5px;\">\n<li style=\"list-style-type: none!important; margin-bottom: 3px;\">a. Cat\u00e9gorie de donn\u00e9es: donn\u00e9es d&rsquo;identification telles que le nom et le pr\u00e9nom ; coordonn\u00e9es telles que le num\u00e9ro de t\u00e9l\u00e9phone et de fax, le courriel, l&rsquo;adresse postale ; donn\u00e9es professionnelles telles que la fonction ou le poste occup\u00e9.<\/li>\n<li style=\"list-style-type: none!important; margin-bottom: 3px;\">b. Base juridique: int\u00e9r\u00eat l\u00e9gitime fond\u00e9 sur la n\u00e9cessit\u00e9 de maintenir des relations commerciales et d&rsquo;affaires (art. 6.1.f GDPR).<\/li>\n<li style=\"list-style-type: none!important; margin-bottom: 3px;\">c. Validit\u00e9 des donn\u00e9es: Les donn\u00e9es restent en vigueur aussi longtemps que dure la relation qui a motiv\u00e9 leur collecte. Une fois la relation termin\u00e9e, les donn\u00e9es peuvent \u00eatre conserv\u00e9es bloqu\u00e9es conform\u00e9ment \u00e0 l&rsquo;article 32 de la loi organique 3\/2018 dans le cas o\u00f9 des responsabilit\u00e9s juridiques pourraient \u00eatre engag\u00e9es.<\/li>\n<\/ol>\n<\/li>\n<\/ol>\n<p>[\/vc_column_text]<div class=\"dfd-spacer-module\"  data-units=\"px\" data-wide_resolution=\"1280\" data-wide_size=\"15\" data-normal_resolution=\"1024\" data-normal_size=\"15\" data-tablet_resolution=\"800\" data-tablet_size=\"15\" data-mobile_resolution=\"480\" data-mobile_size=\"15\" style=\"height: 15px;\"><\/div>[vc_column_text]<\/p>\n<ol style=\"margin-top: 5px;\">\n<li style=\"list-style-type: none!important;\">D. <strong>Traitement du personnel externe<\/strong>, dont la finalit\u00e9 est de r\u00e9aliser l&rsquo;ensemble des op\u00e9rations \u00e9tablies dans la coordination des activit\u00e9s commerciales d\u00e9finies dans la loi 31\/1995 sur la pr\u00e9vention des risques professionnels et qui est d\u00e9velopp\u00e9e dans le d\u00e9cret royal 171\/2004.\n<ol style=\"margin-top: 5px;\">\n<li style=\"list-style-type: none!important; margin-bottom: 3px;\">a. Cat\u00e9gorie de donn\u00e9es: donn\u00e9es d&rsquo;identification telles que le nom et le pr\u00e9nom; donn\u00e9es professionnelles relatives \u00e0 la fonction et au type de contrat; donn\u00e9es des bulletins de paie incluses dans les formulaires TC1, TC2 et ITA de la S\u00e9curit\u00e9 sociale; donn\u00e9es relatives \u00e0 la s\u00e9curit\u00e9 personnelle telles que les \u00e9quipements de protection individuelle (EPI) attribu\u00e9s; donn\u00e9es relatives \u00e0 l&rsquo;enregistrement d&rsquo;entr\u00e9e dans les installations.<\/li>\n<li style=\"list-style-type: none!important; margin-bottom: 3px;\">b. Base juridique: respect des obligations l\u00e9gales \u00e9tablies pour la pr\u00e9vention des risques professionnels (art. 6.1.c RGPD).<\/li>\n<li style=\"list-style-type: none!important; margin-bottom: 3px;\">c. Validit\u00e9 des donn\u00e9es: Les donn\u00e9es restent en vigueur aussi longtemps que dure la relation qui a motiv\u00e9 leur collecte. Une fois la relation termin\u00e9e, les donn\u00e9es peuvent \u00eatre conserv\u00e9es bloqu\u00e9es conform\u00e9ment \u00e0 l&rsquo;article 32 de la loi organique 3\/2018 dans le cas o\u00f9 des responsabilit\u00e9s juridiques pourraient \u00eatre engag\u00e9es.<\/li>\n<\/ol>\n<\/li>\n<\/ol>\n<p>[\/vc_column_text]<div class=\"dfd-spacer-module\"  data-units=\"px\" data-wide_resolution=\"1280\" data-wide_size=\"15\" data-normal_resolution=\"1024\" data-normal_size=\"15\" data-tablet_resolution=\"800\" data-tablet_size=\"15\" data-mobile_resolution=\"480\" data-mobile_size=\"15\" style=\"height: 15px;\"><\/div>[vc_column_text]<\/p>\n<ol style=\"margin-top: 5px;\">\n<li style=\"list-style-type: none!important;\">E. <strong>Traitement de la vid\u00e9osurveillance<\/strong>, dont la finalit\u00e9 est la s\u00e9curit\u00e9 p\u00e9rim\u00e9trique des installations, ainsi que des biens et des personnes \u00e0 l&rsquo;int\u00e9rieur des installations.\n<ol style=\"margin-top: 5px;\">\n<li style=\"list-style-type: none!important; margin-bottom: 3px;\">a. Cat\u00e9gorie de donn\u00e9es: images enregistr\u00e9es par des cam\u00e9ras.<\/li>\n<li style=\"list-style-type: none!important; margin-bottom: 3px;\">b. Base juridique: int\u00e9r\u00eat l\u00e9gitime fond\u00e9 sur la n\u00e9cessit\u00e9 de maintenir la s\u00e9curit\u00e9 des locaux (art. 6.1.f RGPD).<\/li>\n<li style=\"list-style-type: none!important; margin-bottom: 3px;\">c. Validit\u00e9 des donn\u00e9es: les donn\u00e9es restent valables pendant un maximum de 30 jours. \u00c0 la fin de cette p\u00e9riode, les donn\u00e9es seront supprim\u00e9es.<\/li>\n<\/ol>\n<\/li>\n<\/ol>\n<p>[\/vc_column_text]<div class=\"dfd-spacer-module\"  data-units=\"px\" data-wide_resolution=\"1280\" data-wide_size=\"15\" data-normal_resolution=\"1024\" data-normal_size=\"15\" data-tablet_resolution=\"800\" data-tablet_size=\"15\" data-mobile_resolution=\"480\" data-mobile_size=\"15\" style=\"height: 15px;\"><\/div>[vc_column_text]<\/p>\n<ol style=\"margin-top: 5px;\">\n<li style=\"list-style-type: none!important;\">F. <strong>Traitement de la communication et du marketing<\/strong> dont la finalit\u00e9 est de maintenir des relations commerciales avec les clients, les futurs clients, les fournisseurs actuels ou potentiels et toute personne int\u00e9ress\u00e9e par les activit\u00e9s et les produits des soci\u00e9t\u00e9s VELATIA. Parmi les activit\u00e9s de ce traitement, il peut y avoir des demandes de r\u00e9ception de bulletins d&rsquo;information, la collecte de donn\u00e9es au moyen de formulaires pour g\u00e9rer les demandes d&rsquo;information sur les produits ou les activit\u00e9s de VELATIA, l&rsquo;envoi de communications commerciales par courrier \u00e9lectronique et toute autre activit\u00e9 consid\u00e9r\u00e9e dans le cadre du marketing et de la communication. Conform\u00e9ment \u00e0 la loi sur les services de la soci\u00e9t\u00e9 de l&rsquo;information, vous pouvez vous d\u00e9sabonner \u00e0 tout moment des communications commerciales sans que cela n&rsquo;affecte la validit\u00e9 de vos donn\u00e9es personnelles dans les syst\u00e8mes.\n<ol style=\"margin-top: 5px;\">\n<li style=\"list-style-type: none!important; margin-bottom: 3px;\">a. Cat\u00e9gorie de donn\u00e9es: donn\u00e9es d&rsquo;identification telles que le nom et le pr\u00e9nom, donn\u00e9es de contact telles que le courriel, le num\u00e9ro de t\u00e9l\u00e9phone, l&rsquo;adresse professionnelle et le poste occup\u00e9.<\/li>\n<li style=\"list-style-type: none!important; margin-bottom: 3px;\">b. Base juridique: Int\u00e9r\u00eat l\u00e9gitime fond\u00e9 sur les activit\u00e9s de marketing pour lesquelles la personne concern\u00e9e a manifest\u00e9 de l&rsquo;int\u00e9r\u00eat (art. 6.1. f RGPD) dans le cas de demandes d&rsquo;informations via le formulaire de contact du site web ; ou consentement pour la r\u00e9ception de newsletters et de mailings (art. 6.1.a RGPD).<\/li>\n<li style=\"list-style-type: none!important; margin-bottom: 3px;\">c. Validit\u00e9 des donn\u00e9es: Les donn\u00e9es restent valables pendant toute la dur\u00e9e de la relation commerciale et si la personne concern\u00e9e n&rsquo;exprime pas de r\u00e9vocation de son consentement ou ne demande pas la suppression de ses donn\u00e9es. Les donn\u00e9es obsol\u00e8tes ou p\u00e9rim\u00e9es seront supprim\u00e9es d\u00e8s qu&rsquo;elles seront d\u00e9tect\u00e9es.<\/li>\n<\/ol>\n<\/li>\n<\/ol>\n<p>[\/vc_column_text]<div class=\"dfd-spacer-module\"  data-units=\"px\" data-wide_resolution=\"1280\" data-wide_size=\"15\" data-normal_resolution=\"1024\" data-normal_size=\"15\" data-tablet_resolution=\"800\" data-tablet_size=\"15\" data-mobile_resolution=\"480\" data-mobile_size=\"15\" style=\"height: 15px;\"><\/div>[vc_column_text]<\/p>\n<ol style=\"margin-top: 5px;\">\n<li style=\"list-style-type: none!important;\">G. <strong>Informations relatives \u00e0 la navigation sur le site web<\/strong> Des cookies peuvent exister dans le but de surveiller et de produire des informations statistiques sur l&rsquo;utilisation de nos plateformes, ainsi que pour l&rsquo;analyse et l&rsquo;am\u00e9lioration de leur fonctionnalit\u00e9. Pour plus de d\u00e9tails sur les informations collect\u00e9es, le type de donn\u00e9es et la validit\u00e9 de celles-ci, veuillez vous reporter \u00e0 la <a href=\"https:\/\/www.smarmec.com\/fr\/politique-de-cookies\/\" rel=\"noopener\">politique en mati\u00e8re de cookies<\/a>.<\/li>\n<\/ol>\n<p>[\/vc_column_text]<div class=\"dfd-spacer-module\"  data-units=\"px\" data-wide_resolution=\"1280\" data-wide_size=\"30\" data-normal_resolution=\"1024\" data-normal_size=\"30\" data-tablet_resolution=\"800\" data-tablet_size=\"30\" data-mobile_resolution=\"480\" data-mobile_size=\"30\" style=\"height: 30px;\"><\/div><div class=\"dfd-heading-shortcode\"><div class=\"dfd-heading-module-wrap  text-left style_01 dfd-heading-69f52dc64fa99 dfd-disable-resposive-headings\" id=\"dfd-heading-69f52dc64fa99\" ><div class=\"inline-block\"><div class=\"dfd-heading-module\"><h2 class=\"widget-title dfd-title \" style=\"font-size: 23px; line-height: 26px; \">4. Divulgation de vos donn\u00e9es personnelles \u00e0 des tiers<\/h2><\/div><\/div><\/div><script type=\"text\/javascript\">\r\n\t\t\t\t\t\t\t\t\t(function($) {\r\n\t\t\t\t\t\t\t\t\t\t$(\"head\").append(\"<style>.dfd-heading-69f52dc64fa99 .dfd-heading-module .widget-title {margin-bottom:20px;}.dfd-heading-69f52dc64fa99.dfd-heading-module-wrap .dfd-heading-module .dfd-heading-delimiter {margin-top:10px;margin-bottom:10px;}<\/style>\");\r\n\t\t\t\t\t\t\t\t\t})(jQuery);\r\n\t\t\t\t\t\t\t\t<\/script><\/div>[vc_column_text]Nous pouvons divulguer vos donn\u00e9es personnelles \u00e0 des tiers, y compris, mais sans s&rsquo;y limiter, aux personnes suivantes:[\/vc_column_text]<div class=\"dfd-spacer-module\"  data-units=\"px\" data-wide_resolution=\"1280\" data-wide_size=\"10\" data-normal_resolution=\"1024\" data-normal_size=\"10\" data-tablet_resolution=\"800\" data-tablet_size=\"10\" data-mobile_resolution=\"480\" data-mobile_size=\"10\" style=\"height: 10px;\"><\/div>[vc_column_text]<\/p>\n<ol>\n<li>Au sein de notre groupe de soci\u00e9t\u00e9s, entre soci\u00e9t\u00e9s coresponsables, tout en maintenant les finalit\u00e9s et les bases juridiques pour lesquelles le traitement est l\u00e9gitime.<\/li>\n<li>Aux tiers qui nous fournissent des services et qui nous aident, ainsi que notre groupe de soci\u00e9t\u00e9s, \u00e0 g\u00e9rer nos activit\u00e9s. Par exemple, il arrive qu&rsquo;un tiers ait acc\u00e8s \u00e0 vos donn\u00e9es personnelles afin de soutenir notre technologie de l&rsquo;information ou de g\u00e9rer le courriel en notre nom. Nous avons mis en place un contrat de sous-traitance appropri\u00e9 avec ces tiers.<\/li>\n<li>\u00c0 nos conseillers juridiques et autres conseillers professionnels et auditeurs.<\/li>\n<li>Si n\u00e9cessaire pour se conformer \u00e0 une obligation l\u00e9gale, pour l&rsquo;administration de la justice, pour prot\u00e9ger des int\u00e9r\u00eats vitaux, pour prot\u00e9ger la s\u00e9curit\u00e9 ou l&rsquo;int\u00e9grit\u00e9 de nos bases de donn\u00e9es ou de ce site, pour se pr\u00e9munir contre toute responsabilit\u00e9 l\u00e9gale.<\/li>\n<li>Aux autorit\u00e9s r\u00e9glementaires, aux tribunaux et aux organes administratifs pour se conformer aux obligations l\u00e9gales et administratives, telles que les obligations fiscales ou de travail.<\/li>\n<\/ol>\n<p>[\/vc_column_text]<div class=\"dfd-spacer-module\"  data-units=\"px\" data-wide_resolution=\"1280\" data-wide_size=\"15\" data-normal_resolution=\"1024\" data-normal_size=\"15\" data-tablet_resolution=\"800\" data-tablet_size=\"15\" data-mobile_resolution=\"480\" data-mobile_size=\"15\" style=\"height: 15px;\"><\/div>[vc_column_text]<strong>Transferts internationaux de donn\u00e9es: <\/strong><br \/>\nAucun transfert de donn\u00e9es personnelles vers des pays hors Europe n&rsquo;est pr\u00e9vu.[\/vc_column_text]<div class=\"dfd-spacer-module\"  data-units=\"px\" data-wide_resolution=\"1280\" data-wide_size=\"30\" data-normal_resolution=\"1024\" data-normal_size=\"30\" data-tablet_resolution=\"800\" data-tablet_size=\"30\" data-mobile_resolution=\"480\" data-mobile_size=\"30\" style=\"height: 30px;\"><\/div><div class=\"dfd-heading-shortcode\"><div class=\"dfd-heading-module-wrap  text-left style_01 dfd-heading-69f52dc64fba3 dfd-disable-resposive-headings\" id=\"dfd-heading-69f52dc64fba3\" ><div class=\"inline-block\"><div class=\"dfd-heading-module\"><h2 class=\"widget-title dfd-title \" style=\"font-size: 23px; line-height: 26px; \">5. S\u00e9curit\u00e9 des donn\u00e9es personnelles<\/h2><\/div><\/div><\/div><script type=\"text\/javascript\">\r\n\t\t\t\t\t\t\t\t\t(function($) {\r\n\t\t\t\t\t\t\t\t\t\t$(\"head\").append(\"<style>.dfd-heading-69f52dc64fba3 .dfd-heading-module .widget-title {margin-bottom:20px;}.dfd-heading-69f52dc64fba3.dfd-heading-module-wrap .dfd-heading-module .dfd-heading-delimiter {margin-top:10px;margin-bottom:10px;}<\/style>\");\r\n\t\t\t\t\t\t\t\t\t})(jQuery);\r\n\t\t\t\t\t\t\t\t<\/script><\/div>[vc_column_text]Nous nous effor\u00e7ons d&rsquo;utiliser des mesures de s\u00e9curit\u00e9 techniques et physiques appropri\u00e9es pour prot\u00e9ger les donn\u00e9es \u00e0 caract\u00e8re personnel qui sont transmises, stock\u00e9es ou trait\u00e9es d&rsquo;une autre mani\u00e8re contre la destruction, la perte, l&rsquo;alt\u00e9ration, la divulgation ou l&rsquo;acc\u00e8s non autoris\u00e9s, accidentels ou ill\u00e9gaux, dans le cadre de notre site. Ces mesures comprennent des protections informatiques et des fichiers et installations s\u00e9curis\u00e9s. Nos prestataires de services sont \u00e9galement s\u00e9lectionn\u00e9s avec soin et doivent utiliser des mesures de protection appropri\u00e9es. Le site utilise un cryptage SSL conforme aux normes industrielles pour prot\u00e9ger les transmissions de donn\u00e9es. La plupart des navigateurs actuels prennent en charge le niveau de s\u00e9curit\u00e9 requis pour utiliser ces zones.[\/vc_column_text]<div class=\"dfd-spacer-module\"  data-units=\"px\" data-wide_resolution=\"1280\" data-wide_size=\"30\" data-normal_resolution=\"1024\" data-normal_size=\"30\" data-tablet_resolution=\"800\" data-tablet_size=\"30\" data-mobile_resolution=\"480\" data-mobile_size=\"30\" style=\"height: 30px;\"><\/div><div class=\"dfd-heading-shortcode\"><div class=\"dfd-heading-module-wrap  text-left style_01 dfd-heading-69f52dc64fc55 dfd-disable-resposive-headings\" id=\"dfd-heading-69f52dc64fc55\" ><div class=\"inline-block\"><div class=\"dfd-heading-module\"><h2 class=\"widget-title dfd-title \" style=\"font-size: 23px; line-height: 26px; \">6. Vos droits en vertu de la l\u00e9gislation sur la protection des donn\u00e9es<\/h2><\/div><\/div><\/div><script type=\"text\/javascript\">\r\n\t\t\t\t\t\t\t\t\t(function($) {\r\n\t\t\t\t\t\t\t\t\t\t$(\"head\").append(\"<style>.dfd-heading-69f52dc64fc55 .dfd-heading-module .widget-title {margin-bottom:20px;}.dfd-heading-69f52dc64fc55.dfd-heading-module-wrap .dfd-heading-module .dfd-heading-delimiter {margin-top:10px;margin-bottom:10px;}<\/style>\");\r\n\t\t\t\t\t\t\t\t\t})(jQuery);\r\n\t\t\t\t\t\t\t\t<\/script><\/div>[vc_column_text]Vous disposez de plusieurs droits en vertu des lois sur la protection des donn\u00e9es. Il peut s&rsquo;agir du suivant (le cas \u00e9ch\u00e9ant):[\/vc_column_text]<div class=\"dfd-spacer-module\"  data-units=\"px\" data-wide_resolution=\"1280\" data-wide_size=\"15\" data-normal_resolution=\"1024\" data-normal_size=\"15\" data-tablet_resolution=\"800\" data-tablet_size=\"15\" data-mobile_resolution=\"480\" data-mobile_size=\"15\" style=\"height: 15px;\"><\/div>[vc_column_text]<\/p>\n<ul>\n<li>Toute personne a le droit de savoir et d&rsquo;obtenir des informations sur le fait que VELATIA traite ou non des donn\u00e9es personnelles la concernant;<\/li>\n<li>Le droit de demander l&rsquo;acc\u00e8s aux donn\u00e9es personnelles, c&rsquo;est-\u00e0-dire de savoir quelles donn\u00e9es nous d\u00e9tenons \u00e0 votre sujet;<\/li>\n<li>Le droit de rectification, y compris le droit de nous demander de corriger des donn\u00e9es personnelles inexactes,<\/li>\n<li>Le droit de demander la limitation du traitement qui vous concerne ou de s&rsquo;opposer au traitement de ses donn\u00e9es personnelles;<\/li>\n<li>Le droit de demander la suppression de vos donn\u00e9es personnelles lorsqu&rsquo;elles ne sont plus n\u00e9cessaires aux fins pour lesquelles elles ont \u00e9t\u00e9 collect\u00e9es;<\/li>\n<li>Le droit de s&rsquo;opposer au traitement de vos donn\u00e9es \u00e0 condition que vous n&rsquo;ayez pas donn\u00e9 votre consentement pr\u00e9alable et qu&rsquo;il n&rsquo;existe pas de motifs l\u00e9gitimes imp\u00e9rieux ou la d\u00e9fense d&rsquo;\u00e9ventuelles r\u00e9clamations;<\/li>\n<li>Le droit \u00e0 la portabilit\u00e9 des donn\u00e9es, y compris le droit d&rsquo;obtenir des donn\u00e9es personnelles dans un format couramment utilis\u00e9 et lisible par machine dans certaines circonstances, \u00e0 condition que le traitement soit automatis\u00e9.<\/li>\n<li>Le droit de retirer votre consentement \u00e0 tout traitement pour lequel vous avez pr\u00e9c\u00e9demment donn\u00e9 ce consentement.<\/li>\n<\/ul>\n<p>[\/vc_column_text]<div class=\"dfd-spacer-module\"  data-units=\"px\" data-wide_resolution=\"1280\" data-wide_size=\"15\" data-normal_resolution=\"1024\" data-normal_size=\"15\" data-tablet_resolution=\"800\" data-tablet_size=\"15\" data-mobile_resolution=\"480\" data-mobile_size=\"15\" style=\"height: 15px;\"><\/div>[vc_column_text]Veuillez noter que certains de ces droits peuvent \u00eatre assortis de restrictions quant \u00e0 leur exercice en cas de limitations l\u00e9gales ou autres que l&rsquo;organisation doit justifier dans la r\u00e9ponse \u00e0 votre demande.<br \/>\nVous pouvez consulter vos droits en \u00e9crivant \u00e0 l&rsquo;adresse \u00e9lectronique fournie \u00e0 cet effet ou en posant toute question relative \u00e0 vos droits en utilisant les canaux de contact identifi\u00e9s dans l&rsquo;introduction.<\/p>\n<p>Afin de traiter cette demande, il sera n\u00e9cessaire de contr\u00f4ler l&rsquo;identit\u00e9 du demandeur et de v\u00e9rifier qu&rsquo;il est bien le propri\u00e9taire des donn\u00e9es. Dans cette communication, vous devez donc indiquer votre nom, pr\u00e9nom, num\u00e9ro d&rsquo;identification, la demande sp\u00e9cifique de la requ\u00eate et l&rsquo;adresse \u00e0 laquelle vous souhaitez \u00eatre inform\u00e9 de la r\u00e9ponse. Si n\u00e9cessaire, nous pouvons demander une copie du document prouvant votre identit\u00e9.<\/p>\n<p>Si vous le souhaitez, nous pouvons vous envoyer un formulaire appropri\u00e9 pour vous aider \u00e0 compl\u00e9ter votre demande de consultation de vos droits conform\u00e9ment aux dispositions de la loi organique 3\/2018 sur la protection des donn\u00e9es personnelles et la garantie des droits num\u00e9riques.<\/p>\n<p>Dans le cas o\u00f9 votre demande resterait sans r\u00e9ponse, vous pouvez vous adresser \u00e0 l&rsquo;autorit\u00e9 de contr\u00f4le correspondante, l&rsquo;Agence espagnole de protection des donn\u00e9es, dont le site web est <a href=\"http:\/\/www.aepd.es\" target=\"_blank\" rel=\"noopener\">www.aepd.es<\/a> et dont l&rsquo;adresse est Calle Jorge Juan 6 \u00e0 Madrid, code postal 28001.[\/vc_column_text]<div class=\"dfd-spacer-module\"  data-units=\"px\" data-wide_resolution=\"1280\" data-wide_size=\"30\" data-normal_resolution=\"1024\" data-normal_size=\"30\" data-tablet_resolution=\"800\" data-tablet_size=\"30\" data-mobile_resolution=\"480\" data-mobile_size=\"30\" style=\"height: 30px;\"><\/div><div class=\"dfd-heading-shortcode\"><div class=\"dfd-heading-module-wrap  text-left style_01 dfd-heading-69f52dc64fd65 dfd-disable-resposive-headings\" id=\"dfd-heading-69f52dc64fd65\" ><div class=\"inline-block\"><div class=\"dfd-heading-module\"><h2 class=\"widget-title dfd-title \" style=\"font-size: 23px; line-height: 26px; \">7. Liens<\/h2><\/div><\/div><\/div><script type=\"text\/javascript\">\r\n\t\t\t\t\t\t\t\t\t(function($) {\r\n\t\t\t\t\t\t\t\t\t\t$(\"head\").append(\"<style>.dfd-heading-69f52dc64fd65 .dfd-heading-module .widget-title {margin-bottom:20px;}.dfd-heading-69f52dc64fd65.dfd-heading-module-wrap .dfd-heading-module .dfd-heading-delimiter {margin-top:10px;margin-bottom:10px;}<\/style>\");\r\n\t\t\t\t\t\t\t\t\t})(jQuery);\r\n\t\t\t\t\t\t\t\t<\/script><\/div>[vc_column_text]Le site web VELATIA peut inclure des hyperliens vers d&rsquo;autres sites qui ne sont pas exploit\u00e9s ou contr\u00f4l\u00e9s par VELATIA. Par cons\u00e9quent, VELATIA ne garantit pas, et n&rsquo;est pas responsable, de la l\u00e9galit\u00e9, de la fiabilit\u00e9, de l&rsquo;utilit\u00e9, de l&rsquo;exactitude et de l&rsquo;actualit\u00e9 du contenu de ces sites web ou de leurs pratiques en mati\u00e8re de confidentialit\u00e9. Avant de fournir vos informations personnelles \u00e0 ces sites web non appartenant \u00e0 VELATIA, veuillez noter que leur conformit\u00e9 en mati\u00e8re de protection des donn\u00e9es peut diff\u00e9rer de la n\u00f4tre.[\/vc_column_text]<div class=\"dfd-spacer-module\"  data-units=\"px\" data-wide_resolution=\"1280\" data-wide_size=\"30\" data-normal_resolution=\"1024\" data-normal_size=\"30\" data-tablet_resolution=\"800\" data-tablet_size=\"30\" data-mobile_resolution=\"480\" data-mobile_size=\"30\" style=\"height: 30px;\"><\/div><div class=\"dfd-heading-shortcode\"><div class=\"dfd-heading-module-wrap  text-left style_01 dfd-heading-69f52dc64fdfe dfd-disable-resposive-headings\" id=\"dfd-heading-69f52dc64fdfe\" ><div class=\"inline-block\"><div class=\"dfd-heading-module\"><h2 class=\"widget-title dfd-title \" style=\"font-size: 23px; line-height: 26px; \">8. Mises \u00e0 jour et modifications de la pr\u00e9sente politique de confidentialit\u00e9<\/h2><\/div><\/div><\/div><script type=\"text\/javascript\">\r\n\t\t\t\t\t\t\t\t\t(function($) {\r\n\t\t\t\t\t\t\t\t\t\t$(\"head\").append(\"<style>.dfd-heading-69f52dc64fdfe .dfd-heading-module .widget-title {margin-bottom:20px;}.dfd-heading-69f52dc64fdfe.dfd-heading-module-wrap .dfd-heading-module .dfd-heading-delimiter {margin-top:10px;margin-bottom:10px;}<\/style>\");\r\n\t\t\t\t\t\t\t\t\t})(jQuery);\r\n\t\t\t\t\t\t\t\t<\/script><\/div>[vc_column_text]Le texte de cette politique de confidentialit\u00e9 a \u00e9t\u00e9 mis \u00e0 jour en <strong><em>janvier 2021<\/em>.<\/strong><\/p>\n<p>VELATIA peut modifier sa politique de confidentialit\u00e9 sans pr\u00e9avis, conform\u00e9ment \u00e0 la l\u00e9gislation applicable \u00e0 un moment donn\u00e9 et en fonction des changements qui interviennent dans son syst\u00e8me de gestion de la confidentialit\u00e9.[\/vc_column_text]<div class=\"dfd-spacer-module\"  data-units=\"px\" data-wide_resolution=\"1280\" data-wide_size=\"100\" data-normal_resolution=\"1024\" data-normal_size=\"80\" data-tablet_resolution=\"800\" data-tablet_size=\"60\" data-mobile_resolution=\"480\" data-mobile_size=\"60\" style=\"height: 100px;\"><\/div>[\/vc_column][\/vc_row]<\/p>\n<\/div>","protected":false},"excerpt":{"rendered":"<p>[vc_row dfd_row_responsive_enable=\u00a0\u00bbdfd-row-responsive-enable\u00a0\u00bb responsive_styles=\u00a0\u00bbmargin_left_tablet:20|margin_right_tablet:20|margin_left_mobile:20|margin_right_mobile:20&Prime;][vc_column][vc_column_text]Bienvenue dans la politique de confidentialit\u00e9 de VELATIA. Ci-apr\u00e8s, lorsque VELATIA est mentionn\u00e9e, il s&rsquo;agit de l&rsquo;une des soci\u00e9t\u00e9s qui composent VELATIA, que vous pouvez consulter ici.[\/vc_column_text][vc_column_text] Adresse:<\/p>\n","protected":false},"author":2,"featured_media":0,"parent":0,"menu_order":0,"comment_status":"closed","ping_status":"closed","template":"page-custom-with-header.php","meta":{"inline_featured_image":false,"footnotes":""},"class_list":["post-1735","page","type-page","status-publish","hentry"],"yoast_head":"<!-- This site is optimized with the Yoast SEO plugin v27.5 - https:\/\/yoast.com\/product\/yoast-seo-wordpress\/ -->\n<title>Politique de confidentialit\u00e9 - SMARMEC<\/title>\n<meta name=\"robots\" content=\"index, follow, max-snippet:-1, max-image-preview:large, max-video-preview:-1\" \/>\n<link rel=\"canonical\" href=\"https:\/\/www.smarmec.com\/fr\/politique-de-confidentialite\/\" \/>\n<meta property=\"og:locale\" content=\"fr_FR\" \/>\n<meta property=\"og:type\" content=\"article\" \/>\n<meta property=\"og:title\" content=\"Politique de confidentialit\u00e9 - SMARMEC\" \/>\n<meta property=\"og:description\" content=\"[vc_row dfd_row_responsive_enable=\u00a0\u00bbdfd-row-responsive-enable\u00a0\u00bb responsive_styles=\u00a0\u00bbmargin_left_tablet:20|margin_right_tablet:20|margin_left_mobile:20|margin_right_mobile:20&Prime;][vc_column][vc_column_text]Bienvenue dans la politique de confidentialit\u00e9 de VELATIA. Ci-apr\u00e8s, lorsque VELATIA est mentionn\u00e9e, il s&rsquo;agit de l&rsquo;une des soci\u00e9t\u00e9s qui composent VELATIA, que vous pouvez consulter ici.[\/vc_column_text][vc_column_text] Adresse:\" \/>\n<meta property=\"og:url\" content=\"https:\/\/www.smarmec.com\/fr\/politique-de-confidentialite\/\" \/>\n<meta property=\"og:site_name\" content=\"SMARMEC\" \/>\n<meta property=\"article:modified_time\" content=\"2022-05-23T12:52:22+00:00\" \/>\n<meta name=\"twitter:card\" content=\"summary_large_image\" \/>\n<meta name=\"twitter:label1\" content=\"Dur\u00e9e de lecture estim\u00e9e\" \/>\n\t<meta name=\"twitter:data1\" content=\"17 minutes\" \/>\n<script type=\"application\/ld+json\" class=\"yoast-schema-graph\">{\"@context\":\"https:\\\/\\\/schema.org\",\"@graph\":[{\"@type\":\"WebPage\",\"@id\":\"https:\\\/\\\/www.smarmec.com\\\/fr\\\/politique-de-confidentialite\\\/\",\"url\":\"https:\\\/\\\/www.smarmec.com\\\/fr\\\/politique-de-confidentialite\\\/\",\"name\":\"Politique de confidentialit\u00e9 - SMARMEC\",\"isPartOf\":{\"@id\":\"https:\\\/\\\/www.smarmec.com\\\/fr\\\/#website\"},\"datePublished\":\"2021-12-30T14:13:00+00:00\",\"dateModified\":\"2022-05-23T12:52:22+00:00\",\"breadcrumb\":{\"@id\":\"https:\\\/\\\/www.smarmec.com\\\/fr\\\/politique-de-confidentialite\\\/#breadcrumb\"},\"inLanguage\":\"fr-FR\",\"potentialAction\":[{\"@type\":\"ReadAction\",\"target\":[\"https:\\\/\\\/www.smarmec.com\\\/fr\\\/politique-de-confidentialite\\\/\"]}]},{\"@type\":\"BreadcrumbList\",\"@id\":\"https:\\\/\\\/www.smarmec.com\\\/fr\\\/politique-de-confidentialite\\\/#breadcrumb\",\"itemListElement\":[{\"@type\":\"ListItem\",\"position\":1,\"name\":\"Accueil\",\"item\":\"https:\\\/\\\/www.smarmec.com\\\/fr\\\/\"},{\"@type\":\"ListItem\",\"position\":2,\"name\":\"Politique de confidentialit\u00e9\"}]},{\"@type\":\"WebSite\",\"@id\":\"https:\\\/\\\/www.smarmec.com\\\/fr\\\/#website\",\"url\":\"https:\\\/\\\/www.smarmec.com\\\/fr\\\/\",\"name\":\"SMARMEC\",\"description\":\"Design &amp; Manufacturing Ideas\",\"potentialAction\":[{\"@type\":\"SearchAction\",\"target\":{\"@type\":\"EntryPoint\",\"urlTemplate\":\"https:\\\/\\\/www.smarmec.com\\\/fr\\\/?s={search_term_string}\"},\"query-input\":{\"@type\":\"PropertyValueSpecification\",\"valueRequired\":true,\"valueName\":\"search_term_string\"}}],\"inLanguage\":\"fr-FR\"}]}<\/script>\n<!-- \/ Yoast SEO plugin. -->","yoast_head_json":{"title":"Politique de confidentialit\u00e9 - SMARMEC","robots":{"index":"index","follow":"follow","max-snippet":"max-snippet:-1","max-image-preview":"max-image-preview:large","max-video-preview":"max-video-preview:-1"},"canonical":"https:\/\/www.smarmec.com\/fr\/politique-de-confidentialite\/","og_locale":"fr_FR","og_type":"article","og_title":"Politique de confidentialit\u00e9 - SMARMEC","og_description":"[vc_row dfd_row_responsive_enable=\u00a0\u00bbdfd-row-responsive-enable\u00a0\u00bb responsive_styles=\u00a0\u00bbmargin_left_tablet:20|margin_right_tablet:20|margin_left_mobile:20|margin_right_mobile:20&Prime;][vc_column][vc_column_text]Bienvenue dans la politique de confidentialit\u00e9 de VELATIA. Ci-apr\u00e8s, lorsque VELATIA est mentionn\u00e9e, il s&rsquo;agit de l&rsquo;une des soci\u00e9t\u00e9s qui composent VELATIA, que vous pouvez consulter ici.[\/vc_column_text][vc_column_text] Adresse:","og_url":"https:\/\/www.smarmec.com\/fr\/politique-de-confidentialite\/","og_site_name":"SMARMEC","article_modified_time":"2022-05-23T12:52:22+00:00","twitter_card":"summary_large_image","twitter_misc":{"Dur\u00e9e de lecture estim\u00e9e":"17 minutes"},"schema":{"@context":"https:\/\/schema.org","@graph":[{"@type":"WebPage","@id":"https:\/\/www.smarmec.com\/fr\/politique-de-confidentialite\/","url":"https:\/\/www.smarmec.com\/fr\/politique-de-confidentialite\/","name":"Politique de confidentialit\u00e9 - SMARMEC","isPartOf":{"@id":"https:\/\/www.smarmec.com\/fr\/#website"},"datePublished":"2021-12-30T14:13:00+00:00","dateModified":"2022-05-23T12:52:22+00:00","breadcrumb":{"@id":"https:\/\/www.smarmec.com\/fr\/politique-de-confidentialite\/#breadcrumb"},"inLanguage":"fr-FR","potentialAction":[{"@type":"ReadAction","target":["https:\/\/www.smarmec.com\/fr\/politique-de-confidentialite\/"]}]},{"@type":"BreadcrumbList","@id":"https:\/\/www.smarmec.com\/fr\/politique-de-confidentialite\/#breadcrumb","itemListElement":[{"@type":"ListItem","position":1,"name":"Accueil","item":"https:\/\/www.smarmec.com\/fr\/"},{"@type":"ListItem","position":2,"name":"Politique de confidentialit\u00e9"}]},{"@type":"WebSite","@id":"https:\/\/www.smarmec.com\/fr\/#website","url":"https:\/\/www.smarmec.com\/fr\/","name":"SMARMEC","description":"Design &amp; Manufacturing Ideas","potentialAction":[{"@type":"SearchAction","target":{"@type":"EntryPoint","urlTemplate":"https:\/\/www.smarmec.com\/fr\/?s={search_term_string}"},"query-input":{"@type":"PropertyValueSpecification","valueRequired":true,"valueName":"search_term_string"}}],"inLanguage":"fr-FR"}]}},"jetpack_sharing_enabled":true,"_links":{"self":[{"href":"https:\/\/www.smarmec.com\/fr\/wp-json\/wp\/v2\/pages\/1735","targetHints":{"allow":["GET"]}}],"collection":[{"href":"https:\/\/www.smarmec.com\/fr\/wp-json\/wp\/v2\/pages"}],"about":[{"href":"https:\/\/www.smarmec.com\/fr\/wp-json\/wp\/v2\/types\/page"}],"author":[{"embeddable":true,"href":"https:\/\/www.smarmec.com\/fr\/wp-json\/wp\/v2\/users\/2"}],"replies":[{"embeddable":true,"href":"https:\/\/www.smarmec.com\/fr\/wp-json\/wp\/v2\/comments?post=1735"}],"version-history":[{"count":7,"href":"https:\/\/www.smarmec.com\/fr\/wp-json\/wp\/v2\/pages\/1735\/revisions"}],"predecessor-version":[{"id":1826,"href":"https:\/\/www.smarmec.com\/fr\/wp-json\/wp\/v2\/pages\/1735\/revisions\/1826"}],"wp:attachment":[{"href":"https:\/\/www.smarmec.com\/fr\/wp-json\/wp\/v2\/media?parent=1735"}],"curies":[{"name":"wp","href":"https:\/\/api.w.org\/{rel}","templated":true}]}}