{"id":530,"date":"2021-12-30T14:13:00","date_gmt":"2021-12-30T14:13:00","guid":{"rendered":"https:\/\/www.smarmec.com\/?page_id=530"},"modified":"2023-02-09T15:39:52","modified_gmt":"2023-02-09T15:39:52","slug":"politica-de-privacidad","status":"publish","type":"page","link":"https:\/\/www.smarmec.com\/es\/politica-de-privacidad\/","title":{"rendered":"Pol\u00edtica de privacidad"},"content":{"rendered":"<div class=\"wpb-content-wrapper\"><p>[vc_row dfd_row_responsive_enable=\u00bbdfd-row-responsive-enable\u00bb responsive_styles=\u00bbmargin_left_tablet:20|margin_right_tablet:20|margin_left_mobile:20|margin_right_mobile:20&#8243;][vc_column]<div class=\"dfd-spacer-module\"  data-units=\"px\" data-wide_resolution=\"1280\" data-wide_size=\"100\" data-normal_resolution=\"1024\" data-normal_size=\"50\" data-tablet_resolution=\"800\" data-tablet_size=\"40\" data-mobile_resolution=\"480\" data-mobile_size=\"40\" style=\"height: 100px;\"><\/div><div class=\"dfd-heading-shortcode\"><div class=\"dfd-heading-module-wrap  text-left style_01 dfd-heading-69f5d76e68bff dfd-disable-resposive-headings\" id=\"dfd-heading-69f5d76e68bff\" ><div class=\"inline-block\"><div class=\"dfd-heading-module\"><h2 class=\"widget-title dfd-title \" style=\"font-size: 23px; line-height: 26px; \">1. Introducci\u00f3n a la Pol\u00edtica de Privacidad<\/h2><\/div><\/div><\/div><script type=\"text\/javascript\">\r\n\t\t\t\t\t\t\t\t\t(function($) {\r\n\t\t\t\t\t\t\t\t\t\t$(\"head\").append(\"<style>.dfd-heading-69f5d76e68bff .dfd-heading-module .widget-title {margin-bottom:20px;}.dfd-heading-69f5d76e68bff.dfd-heading-module-wrap .dfd-heading-module .dfd-heading-delimiter {margin-top:10px;margin-bottom:10px;}<\/style>\");\r\n\t\t\t\t\t\t\t\t\t})(jQuery);\r\n\t\t\t\t\t\t\t\t<\/script><\/div>[vc_column_text]Bienvenido a la pol\u00edtica de privacidad de VELATIA. En Adelante cuando se indique VELATIA, hace referencia a cualquiera de las sociedades que forman VELATIA y que puede consultar <a href=\"https:\/\/www.velatia.com\/es\/empresas-que-forman-velatia\/\" target=\"_blank\" rel=\"noopener\">aqu\u00ed<\/a>.[\/vc_column_text]<div class=\"dfd-spacer-module\"  data-units=\"px\" data-wide_resolution=\"1280\" data-wide_size=\"30\" data-normal_resolution=\"1024\" data-normal_size=\"30\" data-tablet_resolution=\"800\" data-tablet_size=\"30\" data-mobile_resolution=\"480\" data-mobile_size=\"30\" style=\"height: 30px;\"><\/div><div class=\"dfd-heading-shortcode\"><div class=\"dfd-heading-module-wrap  text-left style_01 dfd-heading-69f5d76e68e98 dfd-disable-resposive-headings\" id=\"dfd-heading-69f5d76e68e98\" ><div class=\"inline-block\"><div class=\"dfd-heading-module\"><h3 class=\"widget-title dfd-title \" style=\"font-size: 18px; color: #565656 !important; line-height: 21px; \">Datos de contacto para cualquier asunto relacionado con la protecci\u00f3n de datos:<\/h3><\/div><\/div><\/div><script type=\"text\/javascript\">\r\n\t\t\t\t\t\t\t\t\t(function($) {\r\n\t\t\t\t\t\t\t\t\t\t$(\"head\").append(\"<style>.dfd-heading-69f5d76e68e98 .dfd-heading-module .widget-title {margin-bottom:20px;}.dfd-heading-69f5d76e68e98.dfd-heading-module-wrap .dfd-heading-module .dfd-heading-delimiter {margin-top:10px;margin-bottom:10px;}<\/style>\");\r\n\t\t\t\t\t\t\t\t\t})(jQuery);\r\n\t\t\t\t\t\t\t\t<\/script><\/div>[vc_column_text]<\/p>\n<ul style=\"list-style-position: outside; padding-left: 20px;\">\n<li>Domicilio: Parque Cient\u00edfico y Tecnol\u00f3gico de Bizkaia, Edificio 104, 48170 Zamudio (Bizkaia)<\/li>\n<li>Correo para atender derechos de protecci\u00f3n de datos: <a href=\"mailto:dataprivacy@velatia.com\">dataprivacy@velatia.com<\/a><\/li>\n<\/ul>\n<p>[\/vc_column_text]<div class=\"dfd-spacer-module\"  data-units=\"px\" data-wide_resolution=\"1280\" data-wide_size=\"30\" data-normal_resolution=\"1024\" data-normal_size=\"30\" data-tablet_resolution=\"800\" data-tablet_size=\"30\" data-mobile_resolution=\"480\" data-mobile_size=\"30\" style=\"height: 30px;\"><\/div>[vc_column_text]Para m\u00e1s informaci\u00f3n de contacto con VELATIA o sus sociedades visite el <a href=\"https:\/\/www.smarmec.com\/es\/aviso-legal\/\" rel=\"noopener\">aviso legal<\/a>.<\/p>\n<p>La Pol\u00edtica de privacidad de este sitio tiene el objetivo de dar cumplimiento al deber de informaci\u00f3n y transparencia establecido en el art\u00edculo 12 del Reglamento UE 2016\/679 de protecci\u00f3n de datos personales. As\u00ed mismo en los casos en los que el deber de informaci\u00f3n se ha realizado mediante una informaci\u00f3n b\u00e1sica denominada de \u201cprimera capa\u201d de acuerdo a lo establecido en el art\u00edculo 11 de la Ley Org\u00e1nica 3\/2018 de Protecci\u00f3n de Datos Personales y Garant\u00eda de Derechos Digitales, esta pol\u00edtica de privacidad corresponde a la informaci\u00f3n adicional considerada como \u201csegunda capa\u201d donde se encuentra descrita los elementos adicionales exigibles en los art\u00edculos 13 y 14 del Reglamento UE 2016\/679 de Protecci\u00f3n de Datos Personales.[\/vc_column_text]<div class=\"dfd-spacer-module\"  data-units=\"px\" data-wide_resolution=\"1280\" data-wide_size=\"30\" data-normal_resolution=\"1024\" data-normal_size=\"30\" data-tablet_resolution=\"800\" data-tablet_size=\"30\" data-mobile_resolution=\"480\" data-mobile_size=\"30\" style=\"height: 30px;\"><\/div><div class=\"dfd-heading-shortcode\"><div class=\"dfd-heading-module-wrap  text-left style_01 dfd-heading-69f5d76e691a1 dfd-disable-resposive-headings\" id=\"dfd-heading-69f5d76e691a1\" ><div class=\"inline-block\"><div class=\"dfd-heading-module\"><h2 class=\"widget-title dfd-title \" style=\"font-size: 23px; line-height: 26px; \">2. El significado de los datos personales<\/h2><\/div><\/div><\/div><script type=\"text\/javascript\">\r\n\t\t\t\t\t\t\t\t\t(function($) {\r\n\t\t\t\t\t\t\t\t\t\t$(\"head\").append(\"<style>.dfd-heading-69f5d76e691a1 .dfd-heading-module .widget-title {margin-bottom:20px;}.dfd-heading-69f5d76e691a1.dfd-heading-module-wrap .dfd-heading-module .dfd-heading-delimiter {margin-top:10px;margin-bottom:10px;}<\/style>\");\r\n\t\t\t\t\t\t\t\t\t})(jQuery);\r\n\t\t\t\t\t\t\t\t<\/script><\/div>[vc_column_text]\u00bbDatos personales\u00bb se define como cualquier informaci\u00f3n relacionada con una persona f\u00edsica identificada o identificable. Esto significa cualquier persona que pueda ser identificada directa o indirectamente por referencia a un identificador como nombre, n\u00famero de identificaci\u00f3n, datos de ubicaci\u00f3n, identificadores en l\u00ednea (por ejemplo, direcciones IP \u2013 si se pueden utilizar para identificarlo) o a uno o m\u00e1s factores espec\u00edficos de la identidad f\u00edsica, fisiol\u00f3gica, gen\u00e9tica, mental, econ\u00f3mica, cultural o social de esa persona f\u00edsica.<\/p>\n<p>En pocas palabras, esto incluye datos que ya sea por s\u00ed mismo o con otros datos que tenemos en nuestro poder o que tenemos a nuestra disposici\u00f3n, se pueden utilizar para identificarle.[\/vc_column_text]<div class=\"dfd-spacer-module\"  data-units=\"px\" data-wide_resolution=\"1280\" data-wide_size=\"30\" data-normal_resolution=\"1024\" data-normal_size=\"30\" data-tablet_resolution=\"800\" data-tablet_size=\"30\" data-mobile_resolution=\"480\" data-mobile_size=\"30\" style=\"height: 30px;\"><\/div><div class=\"dfd-heading-shortcode\"><div class=\"dfd-heading-module-wrap  text-left style_01 dfd-heading-69f5d76e693d8 dfd-disable-resposive-headings\" id=\"dfd-heading-69f5d76e693d8\" ><div class=\"inline-block\"><div class=\"dfd-heading-module\"><h2 class=\"widget-title dfd-title \" style=\"font-size: 23px; line-height: 26px; \">3. Tratamientos de datos personales<\/h2><\/div><\/div><\/div><script type=\"text\/javascript\">\r\n\t\t\t\t\t\t\t\t\t(function($) {\r\n\t\t\t\t\t\t\t\t\t\t$(\"head\").append(\"<style>.dfd-heading-69f5d76e693d8 .dfd-heading-module .widget-title {margin-bottom:20px;}.dfd-heading-69f5d76e693d8.dfd-heading-module-wrap .dfd-heading-module .dfd-heading-delimiter {margin-top:10px;margin-bottom:10px;}<\/style>\");\r\n\t\t\t\t\t\t\t\t\t})(jQuery);\r\n\t\t\t\t\t\t\t\t<\/script><\/div>[vc_column_text]Las operaciones o conjunto de operaciones realizadas sobre sus datos personales se identifican mediante tratamientos. VELATIA expone a continuaci\u00f3n la informaci\u00f3n detallada de cada tratamiento acorde a la gu\u00eda establecida por la Agencia Espa\u00f1ola de Protecci\u00f3n de datos:[\/vc_column_text][vc_column_text]<\/p>\n<ol style=\"margin-top: 15px;\">\n<li style=\"list-style-type: none!important;\">A. <strong>Tratamiento Candidaturas<\/strong> cuya finalidad es la gesti\u00f3n de curr\u00edculos de personas que solicitan empleo, as\u00ed como de las operaciones de gesti\u00f3n del proceso de selecci\u00f3n.\n<ol style=\"margin-top: 5px;\">\n<li style=\"list-style-type: none!important; margin-bottom: 3px;\">a. Categor\u00eda de datos: identificativos que incluyen los datos de contacto, el DNI y la imagen personal; datos de vida laboral.<\/li>\n<li style=\"list-style-type: none!important; margin-bottom: 3px;\">b. Base legal: Consentimiento del interesado (art. 6.1 a RGPD) en el caso de autocandidaturas y en el resto de los casos, relaci\u00f3n precontractual (art. 6.1.b RGPD)<\/li>\n<li style=\"list-style-type: none!important; margin-bottom: 3px;\">c. Vigencia de los datos: Los datos se mantienen vigentes durante tres a\u00f1os.<\/li>\n<\/ol>\n<\/li>\n<\/ol>\n<p>[\/vc_column_text]<div class=\"dfd-spacer-module\"  data-units=\"px\" data-wide_resolution=\"1280\" data-wide_size=\"15\" data-normal_resolution=\"1024\" data-normal_size=\"15\" data-tablet_resolution=\"800\" data-tablet_size=\"15\" data-mobile_resolution=\"480\" data-mobile_size=\"15\" style=\"height: 15px;\"><\/div>[vc_column_text]<\/p>\n<ol style=\"margin-top: 5px;\">\n<li style=\"list-style-type: none!important;\">B. <strong>Tratamiento Control de Accesos<\/strong> cuya finalidad es el registro de las personas que desean acceder a las instalaciones.\n<ol style=\"margin-top: 5px;\">\n<li style=\"list-style-type: none!important; margin-bottom: 3px;\">a. Categor\u00eda de datos: Identificativos.<\/li>\n<li style=\"list-style-type: none!important; margin-bottom: 3px;\">b. Base legal: Inter\u00e9s leg\u00edtimo basado en la necesidad de mantener la seguridad de las personas que se encuentran dentro de las instalaciones (Art. 6.1.f RGPD).<\/li>\n<li style=\"list-style-type: none!important; margin-bottom: 3px;\">c. Vigencia de los datos: Los datos se mantienen vigentes durante 30 d\u00edas. Una vez finalizado el plazo los datos son eliminados.<\/li>\n<\/ol>\n<\/li>\n<\/ol>\n<p>[\/vc_column_text]<div class=\"dfd-spacer-module\"  data-units=\"px\" data-wide_resolution=\"1280\" data-wide_size=\"15\" data-normal_resolution=\"1024\" data-normal_size=\"15\" data-tablet_resolution=\"800\" data-tablet_size=\"15\" data-mobile_resolution=\"480\" data-mobile_size=\"15\" style=\"height: 15px;\"><\/div>[vc_column_text]<\/p>\n<ol style=\"margin-top: 5px;\">\n<li style=\"list-style-type: none!important;\">C. <strong>Tratamiento Gesti\u00f3n de contactos<\/strong> cuya finalidad es disponer de los datos de las personas de contacto que trabajan para nuestros clientes y proveedores, as\u00ed como de los datos de las personas con quienes tenemos alguna relaci\u00f3n de negocio o institucional.\n<ol style=\"margin-top: 5px;\">\n<li style=\"list-style-type: none!important; margin-bottom: 3px;\">a. Categor\u00eda de datos: identificativos como nombre y apellidos; datos de contacto como el tel\u00e9fono y fax, correo electr\u00f3nico, direcci\u00f3n; datos profesionales como el cargo o puesto que ocupa.<\/li>\n<li style=\"list-style-type: none!important; margin-bottom: 3px;\">b. Base legal: Inter\u00e9s leg\u00edtimo basado en la necesidad de mantener las relaciones mercantiles y de negocio (Art. 6.1.f RGPD).<\/li>\n<li style=\"list-style-type: none!important; margin-bottom: 3px;\">c. Vigencia de los datos: Los datos se mantiene vigentes mientras dure la relaci\u00f3n que motiv\u00f3 su recogida. Una vez finalizada la relaci\u00f3n los datos se pueden mantener bloqueados conforme al art\u00edculo 32 de la LO 3\/2018 para el caso que pudieran derivarse responsabilidades legales.<\/li>\n<\/ol>\n<\/li>\n<\/ol>\n<p>[\/vc_column_text]<div class=\"dfd-spacer-module\"  data-units=\"px\" data-wide_resolution=\"1280\" data-wide_size=\"15\" data-normal_resolution=\"1024\" data-normal_size=\"15\" data-tablet_resolution=\"800\" data-tablet_size=\"15\" data-mobile_resolution=\"480\" data-mobile_size=\"15\" style=\"height: 15px;\"><\/div>[vc_column_text]<\/p>\n<ol style=\"margin-top: 5px;\">\n<li style=\"list-style-type: none!important;\">D. <strong>Tratamiento Personal Externo<\/strong> cuya finalidad es la realizaci\u00f3n del conjunto de operaciones establecidas en la coordinaci\u00f3n de actividades empresarias definida en la Ley 31\/1995 de Prevenci\u00f3n de Riesgos Laborales y que se desarrolla en el Real Decreto 171\/2004.\n<ol style=\"margin-top: 5px;\">\n<li style=\"list-style-type: none!important; margin-bottom: 3px;\">a. Categor\u00eda de datos: identificativos como nombre y apellidos; datos profesionales de puesto de trabajo y tipo de contrato; datos de n\u00f3mina incluidos en los formularios TC1, TC2 e ITA de la Seguridad Social; datos relativos a la seguridad personal como los EPI asignados; datos de registro de entrada a las instalaciones.<\/li>\n<li style=\"list-style-type: none!important; margin-bottom: 3px;\">b. Base legal: cumplimiento de las obligaciones legales establecidas para la prevenci\u00f3n de riesgos laborales (Art. 6.1.c RGPD).<\/li>\n<li style=\"list-style-type: none!important; margin-bottom: 3px;\">c. Vigencia de los datos: Los datos se mantiene vigentes mientras dure la relaci\u00f3n que motiv\u00f3 su recogida. Una vez finalizada la relaci\u00f3n los datos se pueden mantener bloqueados conforme al art\u00edculo 32 de la LO 3\/2018 para el caso que pudieran derivarse responsabilidades legales.<\/li>\n<\/ol>\n<\/li>\n<\/ol>\n<p>[\/vc_column_text]<div class=\"dfd-spacer-module\"  data-units=\"px\" data-wide_resolution=\"1280\" data-wide_size=\"15\" data-normal_resolution=\"1024\" data-normal_size=\"15\" data-tablet_resolution=\"800\" data-tablet_size=\"15\" data-mobile_resolution=\"480\" data-mobile_size=\"15\" style=\"height: 15px;\"><\/div>[vc_column_text]<\/p>\n<ol style=\"margin-top: 5px;\">\n<li style=\"list-style-type: none!important;\">E. <strong>Tratamiento de Videovigilancia<\/strong> cuya finalidad es la seguridad perimetral de las instalaciones, as\u00ed como de los bienes y las personas que se encuentran dentro de las instalaciones.\n<ol style=\"margin-top: 5px;\">\n<li style=\"list-style-type: none!important; margin-bottom: 3px;\">a. Categor\u00eda de datos: im\u00e1genes grabadas mediante c\u00e1maras.<\/li>\n<li style=\"list-style-type: none!important; margin-bottom: 3px;\">b. Base legal: Inter\u00e9s leg\u00edtimo basado en la necesidad de mantener la seguridad de las instalaciones (Art. 6.1.f RGPD).<\/li>\n<li style=\"list-style-type: none!important; margin-bottom: 3px;\">c. Vigencia de los datos: Los datos se mantienen vigentes durante un m\u00e1ximo de30 d\u00edas. Una finalizado el plazo los datos son eliminados.<\/li>\n<\/ol>\n<\/li>\n<\/ol>\n<p>[\/vc_column_text]<div class=\"dfd-spacer-module\"  data-units=\"px\" data-wide_resolution=\"1280\" data-wide_size=\"15\" data-normal_resolution=\"1024\" data-normal_size=\"15\" data-tablet_resolution=\"800\" data-tablet_size=\"15\" data-mobile_resolution=\"480\" data-mobile_size=\"15\" style=\"height: 15px;\"><\/div>[vc_column_text]<\/p>\n<ol style=\"margin-top: 5px;\">\n<li style=\"list-style-type: none!important;\">F. <strong>Tratamiento de comunicaci\u00f3n y marketing<\/strong> cuya finalidad es mantener relaciones de negocio con clientes, futuros clientes, proveedores actuales o potenciales y cualquier persona interesadas en las actividades y los productos de las sociedades de VELATIA. Entre las actividades de este tratamiento puede haber solicitudes para la recepci\u00f3n de boletines, recogida de datos mediante formulario para gestionar las solicitudes de informaci\u00f3n sobre productos o actividades de VELATIA , el env\u00edo de comunicaciones comerciales mediante correo electr\u00f3nico y cualquier otra actividad considerada dentro del entorno de la mercadotecnia y la comunicaci\u00f3n. En cumplimiento de la Ley de Servicios de Sociedad de la Informaci\u00f3n podr\u00e1 darse de baja en cualquier momento de las comunicaciones comerciales sin que afecte a la vigencia de sus datos personales en los sistemas.\n<ol style=\"margin-top: 5px;\">\n<li style=\"list-style-type: none!important; margin-bottom: 3px;\">a. Categor\u00eda de datos: identificativos como nombre y apellido, de contacto como correo electr\u00f3nico, tel\u00e9fono, direcci\u00f3n profesional y cargo que ocupa.<\/li>\n<li style=\"list-style-type: none!important; margin-bottom: 3px;\">b. Base legal: Inter\u00e9s leg\u00edtimo basado en las actividades de mercadotecnia en las que el afectado ha mostrado su inter\u00e9s (art. 6.1. f RGPD) cuando se trata de solicitudes de informaci\u00f3n mediante el formulario de contacto de la web; o bien consentimiento para la recepci\u00f3n de boletines y realizaci\u00f3n de mailing (art. 6.1.a RGPD).<\/li>\n<li style=\"list-style-type: none!important; margin-bottom: 3px;\">c. Vigencia de los datos: Los datos se mantienen vigentes mientras dure la relaci\u00f3n negocial y el interesado no exprese una revocaci\u00f3n del consentimiento o solicite la supresi\u00f3n de sus datos. Los datos desactualizados o no vigentes se suprimir\u00e1n en el momento en que se detecte esta circunstancia.<\/li>\n<\/ol>\n<\/li>\n<\/ol>\n<p>[\/vc_column_text]<div class=\"dfd-spacer-module\"  data-units=\"px\" data-wide_resolution=\"1280\" data-wide_size=\"15\" data-normal_resolution=\"1024\" data-normal_size=\"15\" data-tablet_resolution=\"800\" data-tablet_size=\"15\" data-mobile_resolution=\"480\" data-mobile_size=\"15\" style=\"height: 15px;\"><\/div>[vc_column_text]<\/p>\n<ol style=\"margin-top: 5px;\">\n<li style=\"list-style-type: none!important;\">G. <strong>Informaci\u00f3n de navegaci\u00f3n de la p\u00e1gina web<\/strong> Pueden existir cookies con la finalidad de realizar un seguimiento y producir informaci\u00f3n estad\u00edstica sobre el uso de nuestras plataformas, as\u00ed como para realizar un an\u00e1lisis y mejora de su funcionalidad. Para conocer el detalle de la informaci\u00f3n recogida, el tipo de datos y la vigencia de los mismos debe acudir a la <a href=\"https:\/\/www.smarmec.com\/es\/politica-de-cookies\/\" rel=\"noopener\">Pol\u00edtica de Cookies<\/a>.<\/li>\n<\/ol>\n<p>[\/vc_column_text]<div class=\"dfd-spacer-module\"  data-units=\"px\" data-wide_resolution=\"1280\" data-wide_size=\"30\" data-normal_resolution=\"1024\" data-normal_size=\"30\" data-tablet_resolution=\"800\" data-tablet_size=\"30\" data-mobile_resolution=\"480\" data-mobile_size=\"30\" style=\"height: 30px;\"><\/div><div class=\"dfd-heading-shortcode\"><div class=\"dfd-heading-module-wrap  text-left style_01 dfd-heading-69f5d76e69aa5 dfd-disable-resposive-headings\" id=\"dfd-heading-69f5d76e69aa5\" ><div class=\"inline-block\"><div class=\"dfd-heading-module\"><h2 class=\"widget-title dfd-title \" style=\"font-size: 23px; line-height: 26px; \">4. Divulgaci\u00f3n de sus datos personales a terceros<\/h2><\/div><\/div><\/div><script type=\"text\/javascript\">\r\n\t\t\t\t\t\t\t\t\t(function($) {\r\n\t\t\t\t\t\t\t\t\t\t$(\"head\").append(\"<style>.dfd-heading-69f5d76e69aa5 .dfd-heading-module .widget-title {margin-bottom:20px;}.dfd-heading-69f5d76e69aa5.dfd-heading-module-wrap .dfd-heading-module .dfd-heading-delimiter {margin-top:10px;margin-bottom:10px;}<\/style>\");\r\n\t\t\t\t\t\t\t\t\t})(jQuery);\r\n\t\t\t\t\t\t\t\t<\/script><\/div>[vc_column_text]Podemos divulgar sus datos personales a terceros, incluidos entre otros los siguientes:[\/vc_column_text]<div class=\"dfd-spacer-module\"  data-units=\"px\" data-wide_resolution=\"1280\" data-wide_size=\"10\" data-normal_resolution=\"1024\" data-normal_size=\"10\" data-tablet_resolution=\"800\" data-tablet_size=\"10\" data-mobile_resolution=\"480\" data-mobile_size=\"10\" style=\"height: 10px;\"><\/div>[vc_column_text]<\/p>\n<ol>\n<li>Dentro de nuestro grupo de empresas entre sociedades corresponsables manteniendo las finalidades y las bases que legitiman el tratamiento.<\/li>\n<li>A terceros que nos proporcionan servicios y que nos ayudan a nosotros y a nuestro grupo de empresas a operar nuestro negocio. Por ejemplo, a veces un tercero puede tener acceso a sus datos personales con el fin de apoyar nuestra tecnolog\u00eda de la informaci\u00f3n o para manejar los correos en nuestro nombre. Con estos terceros tenemos establecido el contrato de encargado de tratamiento correspondiente.<\/li>\n<li>A nuestros asesores legales y otros asesores y auditores profesionales.<\/li>\n<li>Seg\u00fan sea necesario para cumplir con un requisito legal, para la administraci\u00f3n de justicia, para proteger los intereses vitales, para proteger la seguridad o integridad de nuestras bases de datos o este Sitio, para tomar precauciones contra la responsabilidad legal.<\/li>\n<li>A las autoridades reguladoras, tribunales y organismos administrativos para cumplir con las obligaciones legales y administrativas, como fiscales o laborales por ejemplo.<\/li>\n<\/ol>\n<p>[\/vc_column_text]<div class=\"dfd-spacer-module\"  data-units=\"px\" data-wide_resolution=\"1280\" data-wide_size=\"15\" data-normal_resolution=\"1024\" data-normal_size=\"15\" data-tablet_resolution=\"800\" data-tablet_size=\"15\" data-mobile_resolution=\"480\" data-mobile_size=\"15\" style=\"height: 15px;\"><\/div>[vc_column_text]<strong>Transferencias internacionales de Datos: <\/strong><br \/>\nNo est\u00e1n previstas transferencias de datos personales a pa\u00edses fuera de Europa.[\/vc_column_text]<div class=\"dfd-spacer-module\"  data-units=\"px\" data-wide_resolution=\"1280\" data-wide_size=\"30\" data-normal_resolution=\"1024\" data-normal_size=\"30\" data-tablet_resolution=\"800\" data-tablet_size=\"30\" data-mobile_resolution=\"480\" data-mobile_size=\"30\" style=\"height: 30px;\"><\/div><div class=\"dfd-heading-shortcode\"><div class=\"dfd-heading-module-wrap  text-left style_01 dfd-heading-69f5d76e69e0f dfd-disable-resposive-headings\" id=\"dfd-heading-69f5d76e69e0f\" ><div class=\"inline-block\"><div class=\"dfd-heading-module\"><h2 class=\"widget-title dfd-title \" style=\"font-size: 23px; line-height: 26px; \">5. Seguridad de los datos personales<\/h2><\/div><\/div><\/div><script type=\"text\/javascript\">\r\n\t\t\t\t\t\t\t\t\t(function($) {\r\n\t\t\t\t\t\t\t\t\t\t$(\"head\").append(\"<style>.dfd-heading-69f5d76e69e0f .dfd-heading-module .widget-title {margin-bottom:20px;}.dfd-heading-69f5d76e69e0f.dfd-heading-module-wrap .dfd-heading-module .dfd-heading-delimiter {margin-top:10px;margin-bottom:10px;}<\/style>\");\r\n\t\t\t\t\t\t\t\t\t})(jQuery);\r\n\t\t\t\t\t\t\t\t<\/script><\/div>[vc_column_text]Nos esforzamos por utilizar las medidas de seguridad t\u00e9cnicas y f\u00edsicas adecuadas para proteger los datos personales que se transmiten, almacenan o procesan de otro modo, de la destrucci\u00f3n accidental o ilegal, p\u00e9rdida, alteraci\u00f3n, divulgaci\u00f3n no autorizada o acceso, en relaci\u00f3n con nuestro Sitio. Estas medidas incluyen salvaguardas inform\u00e1ticas y archivos e instalaciones protegidos. Nuestros proveedores de servicios tambi\u00e9n son seleccionados cuidadosamente y deben utilizar las medidas de protecci\u00f3n adecuadas En la web se utiliza el cifrado SSL est\u00e1ndar de la industria para proteger las transmisiones de datos. La mayor\u00eda de los navegadores actuales admiten el nivel de seguridad necesario para utilizar estas \u00e1reas.[\/vc_column_text]<div class=\"dfd-spacer-module\"  data-units=\"px\" data-wide_resolution=\"1280\" data-wide_size=\"30\" data-normal_resolution=\"1024\" data-normal_size=\"30\" data-tablet_resolution=\"800\" data-tablet_size=\"30\" data-mobile_resolution=\"480\" data-mobile_size=\"30\" style=\"height: 30px;\"><\/div><div class=\"dfd-heading-shortcode\"><div class=\"dfd-heading-module-wrap  text-left style_01 dfd-heading-69f5d76e6a029 dfd-disable-resposive-headings\" id=\"dfd-heading-69f5d76e6a029\" ><div class=\"inline-block\"><div class=\"dfd-heading-module\"><h2 class=\"widget-title dfd-title \" style=\"font-size: 23px; line-height: 26px; \">6. Sus derechos en virtud de la legislaci\u00f3n de protecci\u00f3n de datos<\/h2><\/div><\/div><\/div><script type=\"text\/javascript\">\r\n\t\t\t\t\t\t\t\t\t(function($) {\r\n\t\t\t\t\t\t\t\t\t\t$(\"head\").append(\"<style>.dfd-heading-69f5d76e6a029 .dfd-heading-module .widget-title {margin-bottom:20px;}.dfd-heading-69f5d76e6a029.dfd-heading-module-wrap .dfd-heading-module .dfd-heading-delimiter {margin-top:10px;margin-bottom:10px;}<\/style>\");\r\n\t\t\t\t\t\t\t\t\t})(jQuery);\r\n\t\t\t\t\t\t\t\t<\/script><\/div>[vc_column_text]Usted tiene varios derechos bajo las leyes de protecci\u00f3n de datos. Estos pueden incluir (seg\u00fan corresponda): [\/vc_column_text]<div class=\"dfd-spacer-module\"  data-units=\"px\" data-wide_resolution=\"1280\" data-wide_size=\"15\" data-normal_resolution=\"1024\" data-normal_size=\"15\" data-tablet_resolution=\"800\" data-tablet_size=\"15\" data-mobile_resolution=\"480\" data-mobile_size=\"15\" style=\"height: 15px;\"><\/div>[vc_column_text]<\/p>\n<ul style=\"list-style-position: outside; padding-left: 20px;\">\n<li>Cualquier persona tiene derecho a conocer y obtener informaci\u00f3n sobre si en VELATIA estamos tratando datos personales que le conciernen o no;<\/li>\n<li>el derecho a solicitar el acceso a los datos personales, lo que significa conocer qu\u00e9 datos tenemos sobre usted;<\/li>\n<li>el derecho de rectificaci\u00f3n, incluido el de exigirnos que corrijamos los datos personales inexactos;<\/li>\n<li>el derecho a solicitar la restricci\u00f3n del procesamiento que le concierne o a oponerse al procesamiento de sus datos personales,<\/li>\n<li>el derecho a solicitar la supresi\u00f3n de sus datos personales cuando ya no sean necesarios para los fines por los que fueron recogidos;<\/li>\n<li>el derecho a oponerse al tratamiento de sus datos siempre y cuando no haya dado su consentimiento previamente y no existan motivos leg\u00edtimos imperiosos o la defensa de posibles reclamaciones;<\/li>\n<li>el derecho a la portabilidad de los datos, incluida la obtenci\u00f3n de datos personales en un formato legible por m\u00e1quina de uso com\u00fan en determinadas circunstancias, siempre y cuando el tratamiento sea automatizado;<\/li>\n<li>el derecho a retirar su consentimiento a cualquier tratamiento para el que haya dado previamente ese consentimiento.<\/li>\n<\/ul>\n<p>[\/vc_column_text]<div class=\"dfd-spacer-module\"  data-units=\"px\" data-wide_resolution=\"1280\" data-wide_size=\"15\" data-normal_resolution=\"1024\" data-normal_size=\"15\" data-tablet_resolution=\"800\" data-tablet_size=\"15\" data-mobile_resolution=\"480\" data-mobile_size=\"15\" style=\"height: 15px;\"><\/div>[vc_column_text]Tenga en cuenta que algunos de estos derechos pueden tener restricciones en su ejercicio en el caso que hubiera limitaciones legales o de otro tipo que la organizaci\u00f3n deber\u00e1 justificar en la respuesta a su solicitud.<br \/>\nPuede solicitar sus derechos mediante escrito dirigido al correo electr\u00f3nico establecido para este fin o bien realizar cualquier consulta sobre sus derechos usando los canales de contacto identificados en la introducci\u00f3n.<\/p>\n<p>Para poder tramitar la solicitud de derechos ser\u00e1 necesario comprobar la identidad del solicitante y verificar que es el propietario de los datos por lo que en dicha comunicaci\u00f3n deber\u00e1 incluir nombre, apellidos, n\u00ba de D.N.I., petici\u00f3n concreta de la solicitud, la direcci\u00f3n a la que desea sea notificada la respuesta. Si fuera necesario podemos solicitarle copia del documento que acredite su identidad.<\/p>\n<p>Si lo desea podemos remitirle un formulario adecuado que le ayude a cumplimentar su solicitud de derechos conforme a lo establecido en la Ley Org\u00e1nica 3\/2018 de Protecci\u00f3n de Datos Personales y garant\u00eda de Derechos Digitales.<\/p>\n<p>En caso de que su solicitud fuera desatendida puede dirigirse a la autoridad de control que le corresponde, la Agencia Espa\u00f1ola de Protecci\u00f3n de Datos cuya p\u00e1gina web es <a href=\"http:\/\/www.aepd.es\" target=\"_blank\" rel=\"noopener\">www.aepd.es<\/a> y su direcci\u00f3n Calle Jorge Juan 6 en Madrid con c\u00f3digo postal 28001.[\/vc_column_text]<div class=\"dfd-spacer-module\"  data-units=\"px\" data-wide_resolution=\"1280\" data-wide_size=\"30\" data-normal_resolution=\"1024\" data-normal_size=\"30\" data-tablet_resolution=\"800\" data-tablet_size=\"30\" data-mobile_resolution=\"480\" data-mobile_size=\"30\" style=\"height: 30px;\"><\/div><div class=\"dfd-heading-shortcode\"><div class=\"dfd-heading-module-wrap  text-left style_01 dfd-heading-69f5d76e6a3ab dfd-disable-resposive-headings\" id=\"dfd-heading-69f5d76e6a3ab\" ><div class=\"inline-block\"><div class=\"dfd-heading-module\"><h2 class=\"widget-title dfd-title \" style=\"font-size: 23px; line-height: 26px; \">7. Links<\/h2><\/div><\/div><\/div><script type=\"text\/javascript\">\r\n\t\t\t\t\t\t\t\t\t(function($) {\r\n\t\t\t\t\t\t\t\t\t\t$(\"head\").append(\"<style>.dfd-heading-69f5d76e6a3ab .dfd-heading-module .widget-title {margin-bottom:20px;}.dfd-heading-69f5d76e6a3ab.dfd-heading-module-wrap .dfd-heading-module .dfd-heading-delimiter {margin-top:10px;margin-bottom:10px;}<\/style>\");\r\n\t\t\t\t\t\t\t\t\t})(jQuery);\r\n\t\t\t\t\t\t\t\t<\/script><\/div>[vc_column_text]La p\u00e1gina web de VELATIA puede incluir hiperv\u00ednculos a otros sitios que no son operados o controlados por VELATIA. Por ello, VELATIA no garantiza, ni se hace responsable de la licitud, fiabilidad, utilidad, veracidad y actualidad de los contenidos de tales sitios web o de sus pr\u00e1cticas de privacidad. Por favor antes de proporcionar su informaci\u00f3n personal a estos sitios web ajenos a VELATIA tenga en cuenta que su cumplimiento en materia de protecci\u00f3n de datos puede diferir del nuestro. [\/vc_column_text]<div class=\"dfd-spacer-module\"  data-units=\"px\" data-wide_resolution=\"1280\" data-wide_size=\"30\" data-normal_resolution=\"1024\" data-normal_size=\"30\" data-tablet_resolution=\"800\" data-tablet_size=\"30\" data-mobile_resolution=\"480\" data-mobile_size=\"30\" style=\"height: 30px;\"><\/div><div class=\"dfd-heading-shortcode\"><div class=\"dfd-heading-module-wrap  text-left style_01 dfd-heading-69f5d76e6a5c8 dfd-disable-resposive-headings\" id=\"dfd-heading-69f5d76e6a5c8\" ><div class=\"inline-block\"><div class=\"dfd-heading-module\"><h2 class=\"widget-title dfd-title \" style=\"font-size: 23px; line-height: 26px; \">8. Actualizado y cambios en esta Pol\u00edtica de Privacidad<\/h2><\/div><\/div><\/div><script type=\"text\/javascript\">\r\n\t\t\t\t\t\t\t\t\t(function($) {\r\n\t\t\t\t\t\t\t\t\t\t$(\"head\").append(\"<style>.dfd-heading-69f5d76e6a5c8 .dfd-heading-module .widget-title {margin-bottom:20px;}.dfd-heading-69f5d76e6a5c8.dfd-heading-module-wrap .dfd-heading-module .dfd-heading-delimiter {margin-top:10px;margin-bottom:10px;}<\/style>\");\r\n\t\t\t\t\t\t\t\t\t})(jQuery);\r\n\t\t\t\t\t\t\t\t<\/script><\/div>[vc_column_text]El texto de esta pol\u00edtica de privacidad se ha actualizado en <strong><em>enero de 2021<\/em>.<\/strong><\/p>\n<p>VELATIA podr\u00e1 modificar sin previo aviso su Pol\u00edtica de Privacidad de acuerdo con la legislaci\u00f3n aplicable en cada momento y acorde a los cambios que se produzcan en su sistema de gesti\u00f3n de la privacidad.[\/vc_column_text]<div class=\"dfd-spacer-module\"  data-units=\"px\" data-wide_resolution=\"1280\" data-wide_size=\"100\" data-normal_resolution=\"1024\" data-normal_size=\"80\" data-tablet_resolution=\"800\" data-tablet_size=\"60\" data-mobile_resolution=\"480\" data-mobile_size=\"60\" style=\"height: 100px;\"><\/div>[\/vc_column][\/vc_row]<\/p>\n<\/div>","protected":false},"excerpt":{"rendered":"<p>[vc_row dfd_row_responsive_enable=\u00bbdfd-row-responsive-enable\u00bb responsive_styles=\u00bbmargin_left_tablet:20|margin_right_tablet:20|margin_left_mobile:20|margin_right_mobile:20&#8243;][vc_column][vc_column_text]Bienvenido a la pol\u00edtica de privacidad de VELATIA. En Adelante cuando se indique VELATIA, hace referencia a cualquiera de las sociedades que forman VELATIA y que puede consultar<\/p>\n","protected":false},"author":2,"featured_media":0,"parent":0,"menu_order":0,"comment_status":"closed","ping_status":"closed","template":"page-custom-with-header.php","meta":{"inline_featured_image":false,"footnotes":""},"class_list":["post-530","page","type-page","status-publish","hentry"],"yoast_head":"<!-- This site is optimized with the Yoast SEO plugin v27.5 - https:\/\/yoast.com\/product\/yoast-seo-wordpress\/ -->\n<title>Pol\u00edtica de privacidad - SMARMEC<\/title>\n<meta name=\"robots\" content=\"index, follow, max-snippet:-1, max-image-preview:large, max-video-preview:-1\" \/>\n<link rel=\"canonical\" href=\"https:\/\/www.smarmec.com\/es\/politica-de-privacidad\/\" \/>\n<meta property=\"og:locale\" content=\"es_ES\" \/>\n<meta property=\"og:type\" content=\"article\" \/>\n<meta property=\"og:title\" content=\"Pol\u00edtica de privacidad - SMARMEC\" \/>\n<meta property=\"og:description\" content=\"[vc_row dfd_row_responsive_enable=\u00bbdfd-row-responsive-enable\u00bb responsive_styles=\u00bbmargin_left_tablet:20|margin_right_tablet:20|margin_left_mobile:20|margin_right_mobile:20&#8243;][vc_column][vc_column_text]Bienvenido a la pol\u00edtica de privacidad de VELATIA. En Adelante cuando se indique VELATIA, hace referencia a cualquiera de las sociedades que forman VELATIA y que puede consultar\" \/>\n<meta property=\"og:url\" content=\"https:\/\/www.smarmec.com\/es\/politica-de-privacidad\/\" \/>\n<meta property=\"og:site_name\" content=\"SMARMEC\" \/>\n<meta property=\"article:modified_time\" content=\"2023-02-09T15:39:52+00:00\" \/>\n<meta name=\"twitter:card\" content=\"summary_large_image\" \/>\n<meta name=\"twitter:label1\" content=\"Tiempo de lectura\" \/>\n\t<meta name=\"twitter:data1\" content=\"11 minutos\" \/>\n<script type=\"application\/ld+json\" class=\"yoast-schema-graph\">{\"@context\":\"https:\\\/\\\/schema.org\",\"@graph\":[{\"@type\":\"WebPage\",\"@id\":\"https:\\\/\\\/www.smarmec.com\\\/es\\\/politica-de-privacidad\\\/\",\"url\":\"https:\\\/\\\/www.smarmec.com\\\/es\\\/politica-de-privacidad\\\/\",\"name\":\"Pol\u00edtica de privacidad - SMARMEC\",\"isPartOf\":{\"@id\":\"https:\\\/\\\/www.smarmec.com\\\/es\\\/#website\"},\"datePublished\":\"2021-12-30T14:13:00+00:00\",\"dateModified\":\"2023-02-09T15:39:52+00:00\",\"breadcrumb\":{\"@id\":\"https:\\\/\\\/www.smarmec.com\\\/es\\\/politica-de-privacidad\\\/#breadcrumb\"},\"inLanguage\":\"es\",\"potentialAction\":[{\"@type\":\"ReadAction\",\"target\":[\"https:\\\/\\\/www.smarmec.com\\\/es\\\/politica-de-privacidad\\\/\"]}]},{\"@type\":\"BreadcrumbList\",\"@id\":\"https:\\\/\\\/www.smarmec.com\\\/es\\\/politica-de-privacidad\\\/#breadcrumb\",\"itemListElement\":[{\"@type\":\"ListItem\",\"position\":1,\"name\":\"Portada\",\"item\":\"https:\\\/\\\/www.smarmec.com\\\/es\\\/\"},{\"@type\":\"ListItem\",\"position\":2,\"name\":\"Pol\u00edtica de privacidad\"}]},{\"@type\":\"WebSite\",\"@id\":\"https:\\\/\\\/www.smarmec.com\\\/es\\\/#website\",\"url\":\"https:\\\/\\\/www.smarmec.com\\\/es\\\/\",\"name\":\"SMARMEC\",\"description\":\"Design &amp; Manufacturing Ideas\",\"potentialAction\":[{\"@type\":\"SearchAction\",\"target\":{\"@type\":\"EntryPoint\",\"urlTemplate\":\"https:\\\/\\\/www.smarmec.com\\\/es\\\/?s={search_term_string}\"},\"query-input\":{\"@type\":\"PropertyValueSpecification\",\"valueRequired\":true,\"valueName\":\"search_term_string\"}}],\"inLanguage\":\"es\"}]}<\/script>\n<!-- \/ Yoast SEO plugin. -->","yoast_head_json":{"title":"Pol\u00edtica de privacidad - SMARMEC","robots":{"index":"index","follow":"follow","max-snippet":"max-snippet:-1","max-image-preview":"max-image-preview:large","max-video-preview":"max-video-preview:-1"},"canonical":"https:\/\/www.smarmec.com\/es\/politica-de-privacidad\/","og_locale":"es_ES","og_type":"article","og_title":"Pol\u00edtica de privacidad - SMARMEC","og_description":"[vc_row dfd_row_responsive_enable=\u00bbdfd-row-responsive-enable\u00bb responsive_styles=\u00bbmargin_left_tablet:20|margin_right_tablet:20|margin_left_mobile:20|margin_right_mobile:20&#8243;][vc_column][vc_column_text]Bienvenido a la pol\u00edtica de privacidad de VELATIA. En Adelante cuando se indique VELATIA, hace referencia a cualquiera de las sociedades que forman VELATIA y que puede consultar","og_url":"https:\/\/www.smarmec.com\/es\/politica-de-privacidad\/","og_site_name":"SMARMEC","article_modified_time":"2023-02-09T15:39:52+00:00","twitter_card":"summary_large_image","twitter_misc":{"Tiempo de lectura":"11 minutos"},"schema":{"@context":"https:\/\/schema.org","@graph":[{"@type":"WebPage","@id":"https:\/\/www.smarmec.com\/es\/politica-de-privacidad\/","url":"https:\/\/www.smarmec.com\/es\/politica-de-privacidad\/","name":"Pol\u00edtica de privacidad - SMARMEC","isPartOf":{"@id":"https:\/\/www.smarmec.com\/es\/#website"},"datePublished":"2021-12-30T14:13:00+00:00","dateModified":"2023-02-09T15:39:52+00:00","breadcrumb":{"@id":"https:\/\/www.smarmec.com\/es\/politica-de-privacidad\/#breadcrumb"},"inLanguage":"es","potentialAction":[{"@type":"ReadAction","target":["https:\/\/www.smarmec.com\/es\/politica-de-privacidad\/"]}]},{"@type":"BreadcrumbList","@id":"https:\/\/www.smarmec.com\/es\/politica-de-privacidad\/#breadcrumb","itemListElement":[{"@type":"ListItem","position":1,"name":"Portada","item":"https:\/\/www.smarmec.com\/es\/"},{"@type":"ListItem","position":2,"name":"Pol\u00edtica de privacidad"}]},{"@type":"WebSite","@id":"https:\/\/www.smarmec.com\/es\/#website","url":"https:\/\/www.smarmec.com\/es\/","name":"SMARMEC","description":"Design &amp; Manufacturing Ideas","potentialAction":[{"@type":"SearchAction","target":{"@type":"EntryPoint","urlTemplate":"https:\/\/www.smarmec.com\/es\/?s={search_term_string}"},"query-input":{"@type":"PropertyValueSpecification","valueRequired":true,"valueName":"search_term_string"}}],"inLanguage":"es"}]}},"jetpack_sharing_enabled":true,"_links":{"self":[{"href":"https:\/\/www.smarmec.com\/es\/wp-json\/wp\/v2\/pages\/530","targetHints":{"allow":["GET"]}}],"collection":[{"href":"https:\/\/www.smarmec.com\/es\/wp-json\/wp\/v2\/pages"}],"about":[{"href":"https:\/\/www.smarmec.com\/es\/wp-json\/wp\/v2\/types\/page"}],"author":[{"embeddable":true,"href":"https:\/\/www.smarmec.com\/es\/wp-json\/wp\/v2\/users\/2"}],"replies":[{"embeddable":true,"href":"https:\/\/www.smarmec.com\/es\/wp-json\/wp\/v2\/comments?post=530"}],"version-history":[{"count":12,"href":"https:\/\/www.smarmec.com\/es\/wp-json\/wp\/v2\/pages\/530\/revisions"}],"predecessor-version":[{"id":2844,"href":"https:\/\/www.smarmec.com\/es\/wp-json\/wp\/v2\/pages\/530\/revisions\/2844"}],"wp:attachment":[{"href":"https:\/\/www.smarmec.com\/es\/wp-json\/wp\/v2\/media?parent=530"}],"curies":[{"name":"wp","href":"https:\/\/api.w.org\/{rel}","templated":true}]}}